{"id":1084,"date":"2023-05-31T17:22:04","date_gmt":"2023-05-31T17:22:04","guid":{"rendered":"https:\/\/www.arnedillo.org\/arnedillo\/"},"modified":"2023-08-18T10:07:04","modified_gmt":"2023-08-18T10:07:04","slug":"arnedillo","status":"publish","type":"page","link":"https:\/\/www.arnedillo.org\/en\/city-council\/arnedillo\/","title":{"rendered":"Arnedillo"},"content":{"rendered":"<p>[et_pb_section fb_built=&#8221;1&#8243; _builder_version=&#8221;4.21.0&#8243; _module_preset=&#8221;default&#8221; background_color=&#8221;rgba(0,0,0,0.25)&#8221; background_image=&#8221;https:\/\/www.arnedillo.org\/wp-content\/uploads\/2023\/06\/01_Arnedillo.jpg&#8221; background_blend=&#8221;multiply&#8221; custom_padding=&#8221;60px||60px||false|false&#8221; global_colors_info=&#8221;{}&#8221;][et_pb_row _builder_version=&#8221;4.21.0&#8243; _module_preset=&#8221;default&#8221; global_colors_info=&#8221;{}&#8221;][et_pb_column type=&#8221;4_4&#8243; _builder_version=&#8221;4.21.0&#8243; _module_preset=&#8221;default&#8221; global_colors_info=&#8221;{}&#8221;][et_pb_post_title _builder_version=&#8221;4.21.0&#8243; _module_preset=&#8221;default&#8221; global_colors_info=&#8221;{}&#8221;][\/et_pb_post_title][\/et_pb_column][\/et_pb_row][\/et_pb_section][et_pb_section fb_built=&#8221;1&#8243; _builder_version=&#8221;4.21.0&#8243; _module_preset=&#8221;default&#8221; background_color=&#8221;#FFFFFF&#8221; global_colors_info=&#8221;{}&#8221;][et_pb_row column_structure=&#8221;1_2,1_2&#8243; _builder_version=&#8221;4.21.0&#8243; _module_preset=&#8221;default&#8221; global_colors_info=&#8221;{}&#8221;][et_pb_column type=&#8221;1_2&#8243; _builder_version=&#8221;4.21.0&#8243; _module_preset=&#8221;default&#8221; global_colors_info=&#8221;{}&#8221;][et_pb_text _builder_version=&#8221;4.21.0&#8243; _module_preset=&#8221;9673d2ae-fa11-4a13-8e29-53d12292c770&#8243; global_colors_info=&#8221;{}&#8221;]<\/p>\n<h2>General information:<\/h2>\n<p>[\/et_pb_text][et_pb_text _builder_version=&#8221;4.21.0&#8243; _module_preset=&#8221;default&#8221; global_colors_info=&#8221;{}&#8221;]<\/p>\n<p><strong>Location:<\/strong><\/p>\n<p><strong>Population:<\/strong> 450 (INE 2022).<br \/><strong>Area:\u00a0<\/strong>48 km<sup>2<\/sup>.<br \/><strong>Elevation:\u00a0<\/strong>651 m.<br \/><strong>County:\u00a0<\/strong>Arnedo.<br \/><strong>Distance from Logro\u00f1o:\u00a0<\/strong>62 km.<br \/><strong>Distance from Calahorra:<\/strong> 27 km.<\/p>\n<p>[\/et_pb_text][\/et_pb_column][et_pb_column type=&#8221;1_2&#8243; _builder_version=&#8221;4.21.0&#8243; _module_preset=&#8221;default&#8221; global_colors_info=&#8221;{}&#8221;][et_pb_code _builder_version=&#8221;4.21.0&#8243; _module_preset=&#8221;default&#8221; global_colors_info=&#8221;{}&#8221;]<iframe src=\"https:\/\/www.google.com\/maps\/embed?pb=!1m18!1m12!1m3!1d2955.1406500784215!2d-2.24108417336257!3d42.21143847120702!2m3!1f0!2f0!3f0!3m2!1i1024!2i768!4f13.1!3m3!1m2!1s0xd5ac75ed297b8bd%3A0xe4d5673af3121da8!2s26589%20Arnedillo%2C%20La%20Rioja!5e0!3m2!1ses!2ses!4v1686053419546!5m2!1ses!2ses\" width=\"600\" height=\"450\" style=\"border:0;width:100%;height:350px;\" allowfullscreen=\"\" loading=\"lazy\" referrerpolicy=\"no-referrer-when-downgrade\"><\/iframe>[\/et_pb_code][\/et_pb_column][\/et_pb_row][\/et_pb_section][et_pb_section fb_built=&#8221;1&#8243; _builder_version=&#8221;4.21.0&#8243; _module_preset=&#8221;default&#8221; background_color=&#8221;rgba(220,218,195,0.35)&#8221; global_colors_info=&#8221;{}&#8221;][et_pb_row column_structure=&#8221;1_2,1_2&#8243; _builder_version=&#8221;4.21.0&#8243; _module_preset=&#8221;default&#8221; global_colors_info=&#8221;{}&#8221;][et_pb_column type=&#8221;1_2&#8243; _builder_version=&#8221;4.21.0&#8243; _module_preset=&#8221;default&#8221; global_colors_info=&#8221;{}&#8221;][et_pb_image src=&#8221;https:\/\/www.arnedillo.org\/wp-content\/uploads\/2023\/06\/01_Arnedillo.jpg&#8221; title_text=&#8221;01_Arnedillo&#8221; show_in_lightbox=&#8221;on&#8221; _builder_version=&#8221;4.21.0&#8243; _module_preset=&#8221;default&#8221; global_colors_info=&#8221;{}&#8221;][\/et_pb_image][\/et_pb_column][et_pb_column type=&#8221;1_2&#8243; _builder_version=&#8221;4.21.0&#8243; _module_preset=&#8221;default&#8221; global_colors_info=&#8221;{}&#8221;][et_pb_text _builder_version=&#8221;4.21.0&#8243; _module_preset=&#8221;9673d2ae-fa11-4a13-8e29-53d12292c770&#8243; global_colors_info=&#8221;{}&#8221;]<\/p>\n<h2>Geography<\/h2>\n<p>[\/et_pb_text][et_pb_text _builder_version=&#8221;4.21.0&#8243; _module_preset=&#8221;default&#8221; hover_enabled=&#8221;0&#8243; global_colors_info=&#8221;{}&#8221; sticky_enabled=&#8221;0&#8243;]<\/p>\n<p>Located in the High Valley of the Cidacos River, 651 m. above sea level, Arnedillo covers an area of 48 km<sup>2<\/sup>. It is part of Arnedo county, 62 km from capital city of Logro\u00f1o and 27 km from the second most populous city Calahorra, with convenient access from the A-68 motorway.<\/p>\n<p>Arnedillo was bestowed as a royal domain in 1170 by King Alfonso VII. It belonged to the Diocese of Calahorra as a country Estate, an area surrounded by mountains and known among other things, for its hot springs.<\/p>\n<p>The Valley of the Cidacos River was declared Biosphere Reserve by the UNESCO in 2003 and is located in Eastern La Rioja.<\/p>\n<p>[\/et_pb_text][\/et_pb_column][\/et_pb_row][et_pb_row _builder_version=&#8221;4.21.0&#8243; _module_preset=&#8221;default&#8221; global_colors_info=&#8221;{}&#8221;][et_pb_column type=&#8221;4_4&#8243; _builder_version=&#8221;4.21.0&#8243; _module_preset=&#8221;default&#8221; global_colors_info=&#8221;{}&#8221;][et_pb_text _builder_version=&#8221;4.21.0&#8243; _module_preset=&#8221;default&#8221; hover_enabled=&#8221;0&#8243; global_colors_info=&#8221;{}&#8221; sticky_enabled=&#8221;0&#8243;]<\/p>\n<p>The Cidacos River has its source in Soria and flows 77 km before reaching the Ebro in Calahorra. Following its 50 km along La Rioja, one can visit rural villages and towns of the <em>meseta<\/em> and the riverbank. Despite being small and slow in volume, the Cidacos is rich in culture and natural features.<\/p>\n<p>Pe\u00f1a Isasa, Pe\u00f1almonte and the Pe\u00f1as of Arnedillo, are all part of the European network of natural protected areas Red Natura 2000.<\/p>\n<p>[\/et_pb_text][\/et_pb_column][\/et_pb_row][\/et_pb_section][et_pb_section fb_built=&#8221;1&#8243; _builder_version=&#8221;4.21.0&#8243; _module_preset=&#8221;default&#8221; background_enable_color=&#8221;off&#8221; global_colors_info=&#8221;{}&#8221;][et_pb_row column_structure=&#8221;1_2,1_2&#8243; _builder_version=&#8221;4.21.0&#8243; _module_preset=&#8221;default&#8221; global_colors_info=&#8221;{}&#8221;][et_pb_column type=&#8221;1_2&#8243; _builder_version=&#8221;4.21.0&#8243; _module_preset=&#8221;default&#8221; global_colors_info=&#8221;{}&#8221;][et_pb_text _builder_version=&#8221;4.21.0&#8243; _module_preset=&#8221;9673d2ae-fa11-4a13-8e29-53d12292c770&#8243; global_colors_info=&#8221;{}&#8221;]<\/p>\n<h2>Historical Framework<\/h2>\n<p>[\/et_pb_text][et_pb_text _builder_version=&#8221;4.21.0&#8243; _module_preset=&#8221;default&#8221; global_colors_info=&#8221;{}&#8221;]<\/p>\n<p>The first historical documents about the town trace it back to medieval times. The vows of Count Fern\u00e1n Gonz\u00e1lez, from mid 10<sup>th<\/sup> century refer to it as \u201c<em>Arnietello<\/em>\u201c.<\/p>\n<p>In 1156, Rodrigo Cascante, Bishop of Calahorra donated to its incumbents a large part of his rightful property of Arnedillo and royal revenue collected from it.<\/p>\n<p>The Estate of Arnedillo was donated by Alfonso VIII to the Church of Calahorra, according to a document from 1200 signed by Bishop Juan de Pr\u00e9jano and, for some time, the bishops of Calahorra were also lords and masters of Arnedillo.<\/p>\n<p>After the proclamation of Enrique de Trast\u00e1mara as King of Castilla, in Calahorra in 1336, he donated the Cameros Estate to Juan Ram\u00edrez of Arellano and with it the &#8216;houses of Arnedillo&#8217; out of gratitude for his support on the dynastic rivalry against Pedro I \u2018the Cruel\u2019.<\/p>\n<p>In March 18th 1817, an earthquake hit the town, ripping through the nearby mountains and buildings and even causing the hot springs to halt their flow for nearly three months.<\/p>\n<p>Arnedillo was part of the province of Soria until 1833, when Logro\u00f1o became a province in its own right. The village of Santa Eulalia Somera has been part to its municipality since 1292.<\/p>\n<p>[\/et_pb_text][\/et_pb_column][et_pb_column type=&#8221;1_2&#8243; _builder_version=&#8221;4.21.0&#8243; _module_preset=&#8221;default&#8221; global_colors_info=&#8221;{}&#8221;][et_pb_image src=&#8221;https:\/\/www.arnedillo.org\/wp-content\/uploads\/2023\/06\/01B_Arnedillo.jpg&#8221; title_text=&#8221;01B_Arnedillo&#8221; show_in_lightbox=&#8221;on&#8221; _builder_version=&#8221;4.21.0&#8243; _module_preset=&#8221;default&#8221; global_colors_info=&#8221;{}&#8221;][\/et_pb_image][et_pb_image src=&#8221;https:\/\/www.arnedillo.org\/wp-content\/uploads\/2023\/07\/FOTO_ANTIGUA_Tunel_en_la_carretera_y_puente_ferrocarril.jpg&#8221; title_text=&#8221;FOTO_ANTIGUA_Tunel_en_la_carretera_y_puente_ferrocarril&#8221; show_in_lightbox=&#8221;on&#8221; _builder_version=&#8221;4.21.0&#8243; _module_preset=&#8221;default&#8221; global_colors_info=&#8221;{}&#8221;][\/et_pb_image][\/et_pb_column][\/et_pb_row][\/et_pb_section][et_pb_section fb_built=&#8221;1&#8243; _builder_version=&#8221;4.21.0&#8243; _module_preset=&#8221;default&#8221; background_color=&#8221;rgba(220,218,195,0.35)&#8221; global_colors_info=&#8221;{}&#8221;][et_pb_row column_structure=&#8221;1_2,1_2&#8243; _builder_version=&#8221;4.21.0&#8243; _module_preset=&#8221;default&#8221; global_colors_info=&#8221;{}&#8221;][et_pb_column type=&#8221;1_2&#8243; _builder_version=&#8221;4.21.0&#8243; _module_preset=&#8221;default&#8221; global_colors_info=&#8221;{}&#8221;][et_pb_image src=&#8221;https:\/\/www.arnedillo.org\/wp-content\/uploads\/2023\/06\/02_Anedillo.jpg&#8221; title_text=&#8221;02_Anedillo&#8221; show_in_lightbox=&#8221;on&#8221; _builder_version=&#8221;4.21.0&#8243; _module_preset=&#8221;default&#8221; global_colors_info=&#8221;{}&#8221;][\/et_pb_image][\/et_pb_column][et_pb_column type=&#8221;1_2&#8243; _builder_version=&#8221;4.21.0&#8243; _module_preset=&#8221;default&#8221; global_colors_info=&#8221;{}&#8221;][et_pb_text _builder_version=&#8221;4.21.0&#8243; _module_preset=&#8221;9673d2ae-fa11-4a13-8e29-53d12292c770&#8243; global_colors_info=&#8221;{}&#8221;]<\/p>\n<h2>Santa Eulalia Somera<\/h2>\n<p>[\/et_pb_text][et_pb_text _builder_version=&#8221;4.21.0&#8243; _module_preset=&#8221;default&#8221; hover_enabled=&#8221;0&#8243; global_colors_info=&#8221;{}&#8221; sticky_enabled=&#8221;0&#8243;]<\/p>\n<p>Santa Eulalia is a borough 4 km east from Arnedillo. This municipality with population 48 (INE 2022) is located in the Alto Cidacos. Surrounded by hills, it has a wide extension of irrigated and non-irrigated crops, olive trees, almond trees and vineyards.<\/p>\n<p>Its most attractive features are the Church of Santa Eulalia of M\u00e9rida, the caves of Ajedrezado and the Viewpoint, as well as the restored washing place and the rock winepresses at Cogote de las Pilas.<\/p>\n<p>One can visit part of a complex of early medieval hermit caves of great archeological value and interest, with a unique construction of carved floor-to-ceiling niches that resemble an almost perfect chess board design.<\/p>\n<p>[\/et_pb_text][\/et_pb_column][\/et_pb_row][\/et_pb_section][et_pb_section fb_built=&#8221;1&#8243; _builder_version=&#8221;4.21.0&#8243; _module_preset=&#8221;default&#8221; background_enable_color=&#8221;off&#8221; global_colors_info=&#8221;{}&#8221;][et_pb_row column_structure=&#8221;1_2,1_2&#8243; _builder_version=&#8221;4.21.0&#8243; _module_preset=&#8221;default&#8221; global_colors_info=&#8221;{}&#8221;][et_pb_column type=&#8221;1_2&#8243; _builder_version=&#8221;4.21.0&#8243; _module_preset=&#8221;default&#8221; global_colors_info=&#8221;{}&#8221;][et_pb_text _builder_version=&#8221;4.21.0&#8243; _module_preset=&#8221;9673d2ae-fa11-4a13-8e29-53d12292c770&#8243; global_colors_info=&#8221;{}&#8221;]<\/p>\n<h2>Road Access<\/h2>\n<p>[\/et_pb_text][et_pb_text _builder_version=&#8221;4.21.0&#8243; _module_preset=&#8221;default&#8221; hover_enabled=&#8221;0&#8243; global_colors_info=&#8221;{}&#8221; sticky_enabled=&#8221;0&#8243;]<\/p>\n<p>Arnedillo connects with its county seat Arnedo through the LR-115, that passes through Santa Eulalia Somera, Santa Eulalia Bajera and Herce. From Arnedo one can reach Cervera de R\u00edo Alhama, Alfaro, Calahorra and Logro\u00f1o.<\/p>\n<p>Along the Cidacos river, the LR-115 connects Arnedillo with other towns in the valley, like Peroblasco and Enciso.<\/p>\n<p>If you continue down this road, the route leaves La Rioja through the Valley of the Cidacos and continues on to Yanguas, connecting with the capital city of Soria. Hence Arnedillo is one of the bus stops connecting Soria and Calahorra.<\/p>\n<p>[\/et_pb_text][\/et_pb_column][et_pb_column type=&#8221;1_2&#8243; _builder_version=&#8221;4.21.0&#8243; _module_preset=&#8221;default&#8221; global_colors_info=&#8221;{}&#8221;][et_pb_image src=&#8221;https:\/\/www.arnedillo.org\/wp-content\/uploads\/2023\/06\/Plano_Lugares_de_interes.png&#8221; title_text=&#8221;Plano_Lugares_de_interes&#8221; show_in_lightbox=&#8221;on&#8221; use_overlay=&#8221;on&#8221; hover_icon=&#8221;&#xf3eb;||fa||400&#8243; _builder_version=&#8221;4.21.0&#8243; _module_preset=&#8221;default&#8221; global_colors_info=&#8221;{}&#8221;][\/et_pb_image][\/et_pb_column][\/et_pb_row][\/et_pb_section][et_pb_section fb_built=&#8221;1&#8243; _builder_version=&#8221;4.21.0&#8243; _module_preset=&#8221;default&#8221; background_color=&#8221;rgba(220,218,195,0.35)&#8221; global_colors_info=&#8221;{}&#8221;][et_pb_row column_structure=&#8221;1_2,1_2&#8243; _builder_version=&#8221;4.21.0&#8243; _module_preset=&#8221;default&#8221; global_colors_info=&#8221;{}&#8221;][et_pb_column type=&#8221;1_2&#8243; _builder_version=&#8221;4.21.0&#8243; _module_preset=&#8221;default&#8221; global_colors_info=&#8221;{}&#8221;][et_pb_image src=&#8221;https:\/\/www.arnedillo.org\/wp-content\/uploads\/2023\/04\/Escudo_de_Arnedillo-La_Rioja.svg&#8221; title_text=&#8221;Escudo_de_Arnedillo-La_Rioja&#8221; show_in_lightbox=&#8221;on&#8221; align=&#8221;center&#8221; _builder_version=&#8221;4.21.0&#8243; _module_preset=&#8221;default&#8221; background_color=&#8221;#FFFFFF&#8221; module_alignment=&#8221;center&#8221; max_height=&#8221;600px&#8221; custom_padding=&#8221;30px|30px|30px|30px|false|false&#8221; global_colors_info=&#8221;{}&#8221;][\/et_pb_image][\/et_pb_column][et_pb_column type=&#8221;1_2&#8243; _builder_version=&#8221;4.21.0&#8243; _module_preset=&#8221;default&#8221; global_colors_info=&#8221;{}&#8221;][et_pb_text _builder_version=&#8221;4.21.0&#8243; _module_preset=&#8221;9673d2ae-fa11-4a13-8e29-53d12292c770&#8243; global_colors_info=&#8221;{}&#8221;]<\/p>\n<h2>Coat of Arms of Arnedillo<\/h2>\n<p>[\/et_pb_text][et_pb_text _builder_version=&#8221;4.21.0&#8243; _module_preset=&#8221;default&#8221; global_colors_info=&#8221;{}&#8221;]<\/p>\n<p>In a pool of blue, over waves of silver and azure, a single stream of silver splits in two in its fall, so lifting the royal crown, closed in gold and draped with gules. Royal crown crest.<\/p>\n<p>Decree 70\/1965 of January 14th authorizing the Council of Arnedillo of the Province of Logro\u00f1o to adopt its municipal heraldic seal (B.O.E. n\u00fam.21 del 25-01-1965).<\/p>\n<p><em>The Council of Arnedillo, province of Logro\u00f1o, has deemed it convenient to provide the Municipality with a distinct and unique coat of arms, to convene and symbolize the most representative facts about the town. To such effect and in use of the attributes conferred by the current legal dispositions, the council proclaimed for its approval a descriptive project and design to bear its name &#8211; after processing the document, in accordance to the pre-established regulations, and once issued the mandatory ruling by the Royal History Academy, favorable to its request. As proposed by the Minister of Interior and previously deliberated by the Cabinet in their meeting of January 8<sup>th<\/sup>, 1965, I HEREBY DECREE: A single article. &#8211; The Council of Arnedillo, of the Province of Logro\u00f1o, is allowed to adopt its heraldic municipal coat of arms, which will be established in the proposed format as per the ruling of the Royal History Academy: In a pool of blue, over waves of silver and azure, with a single stream of silver that splits in two in its fall, so lifting the royal crown, closed in gold and draped with gules. Royal crown crest.<\/em><\/p>\n<p>[\/et_pb_text][\/et_pb_column][\/et_pb_row][\/et_pb_section]<\/p>\n","protected":false},"excerpt":{"rendered":"<p>General information:Location: Population: 450 (INE 2022).Area:\u00a048 km2.Elevation:\u00a0651 m.County:\u00a0Arnedo.Distance from Logro\u00f1o:\u00a062 km.Distance from Calahorra: 27 km.GeographyLocated in the High Valley of the Cidacos River, 651 m. above sea level, Arnedillo covers [&hellip;]<\/p>\n","protected":false},"author":1,"featured_media":0,"parent":1119,"menu_order":0,"comment_status":"closed","ping_status":"closed","template":"","meta":{"_et_pb_use_builder":"on","_et_pb_old_content":"","_et_gb_content_width":"","_monsterinsights_skip_tracking":false,"_monsterinsights_sitenote_active":false,"_monsterinsights_sitenote_note":"","_monsterinsights_sitenote_category":0,"footnotes":""},"class_list":["post-1084","page","type-page","status-publish","hentry"],"yoast_head":"<!-- This site is optimized with the Yoast SEO plugin v27.5 - https:\/\/yoast.com\/product\/yoast-seo-wordpress\/ -->\n<title>Arnedillo - Ayuntamiento de Arnedillo - La Rioja<\/title>\n<meta name=\"robots\" content=\"index, follow, max-snippet:-1, max-image-preview:large, max-video-preview:-1\" \/>\n<link rel=\"canonical\" href=\"https:\/\/www.arnedillo.org\/en\/city-council\/arnedillo\/\" \/>\n<meta property=\"og:locale\" content=\"en_US\" \/>\n<meta property=\"og:type\" content=\"article\" \/>\n<meta property=\"og:title\" content=\"Arnedillo - Ayuntamiento de Arnedillo - La Rioja\" \/>\n<meta property=\"og:description\" content=\"General information:Location: Population: 450 (INE 2022).Area:\u00a048 km2.Elevation:\u00a0651 m.County:\u00a0Arnedo.Distance from Logro\u00f1o:\u00a062 km.Distance from Calahorra: 27 km.GeographyLocated in the High Valley of the Cidacos River, 651 m. above sea level, Arnedillo covers [&hellip;]\" \/>\n<meta property=\"og:url\" content=\"https:\/\/www.arnedillo.org\/en\/city-council\/arnedillo\/\" \/>\n<meta property=\"og:site_name\" content=\"Ayuntamiento de Arnedillo - La Rioja\" \/>\n<meta property=\"article:modified_time\" content=\"2023-08-18T10:07:04+00:00\" \/>\n<meta name=\"twitter:card\" content=\"summary_large_image\" \/>\n<meta name=\"twitter:label1\" content=\"Est. reading time\" \/>\n\t<meta name=\"twitter:data1\" content=\"9 minutes\" \/>\n<script type=\"application\/ld+json\" class=\"yoast-schema-graph\">{\"@context\":\"https:\\\/\\\/schema.org\",\"@graph\":[{\"@type\":\"WebPage\",\"@id\":\"https:\\\/\\\/www.arnedillo.org\\\/en\\\/city-council\\\/arnedillo\\\/\",\"url\":\"https:\\\/\\\/www.arnedillo.org\\\/en\\\/city-council\\\/arnedillo\\\/\",\"name\":\"Arnedillo - Ayuntamiento de Arnedillo - La Rioja\",\"isPartOf\":{\"@id\":\"https:\\\/\\\/www.arnedillo.org\\\/en\\\/#website\"},\"datePublished\":\"2023-05-31T17:22:04+00:00\",\"dateModified\":\"2023-08-18T10:07:04+00:00\",\"breadcrumb\":{\"@id\":\"https:\\\/\\\/www.arnedillo.org\\\/en\\\/city-council\\\/arnedillo\\\/#breadcrumb\"},\"inLanguage\":\"en-US\",\"potentialAction\":[{\"@type\":\"ReadAction\",\"target\":[\"https:\\\/\\\/www.arnedillo.org\\\/en\\\/city-council\\\/arnedillo\\\/\"]}]},{\"@type\":\"BreadcrumbList\",\"@id\":\"https:\\\/\\\/www.arnedillo.org\\\/en\\\/city-council\\\/arnedillo\\\/#breadcrumb\",\"itemListElement\":[{\"@type\":\"ListItem\",\"position\":1,\"name\":\"Portada\",\"item\":\"https:\\\/\\\/www.arnedillo.org\\\/en\\\/\"},{\"@type\":\"ListItem\",\"position\":2,\"name\":\"Arnedillo\"}]},{\"@type\":\"WebSite\",\"@id\":\"https:\\\/\\\/www.arnedillo.org\\\/en\\\/#website\",\"url\":\"https:\\\/\\\/www.arnedillo.org\\\/en\\\/\",\"name\":\"Ayuntamiento de Arnedillo - La Rioja\",\"description\":\"\",\"publisher\":{\"@id\":\"https:\\\/\\\/www.arnedillo.org\\\/en\\\/#organization\"},\"potentialAction\":[{\"@type\":\"SearchAction\",\"target\":{\"@type\":\"EntryPoint\",\"urlTemplate\":\"https:\\\/\\\/www.arnedillo.org\\\/en\\\/?s={search_term_string}\"},\"query-input\":{\"@type\":\"PropertyValueSpecification\",\"valueRequired\":true,\"valueName\":\"search_term_string\"}}],\"inLanguage\":\"en-US\"},{\"@type\":\"Organization\",\"@id\":\"https:\\\/\\\/www.arnedillo.org\\\/en\\\/#organization\",\"name\":\"Ayuntamiento de Arnedillo - La Rioja\",\"url\":\"https:\\\/\\\/www.arnedillo.org\\\/en\\\/\",\"logo\":{\"@type\":\"ImageObject\",\"inLanguage\":\"en-US\",\"@id\":\"https:\\\/\\\/www.arnedillo.org\\\/en\\\/#\\\/schema\\\/logo\\\/image\\\/\",\"url\":\"https:\\\/\\\/www.arnedillo.org\\\/wp-content\\\/uploads\\\/2023\\\/04\\\/logo.svg\",\"contentUrl\":\"https:\\\/\\\/www.arnedillo.org\\\/wp-content\\\/uploads\\\/2023\\\/04\\\/logo.svg\",\"width\":100,\"height\":100,\"caption\":\"Ayuntamiento de Arnedillo - La Rioja\"},\"image\":{\"@id\":\"https:\\\/\\\/www.arnedillo.org\\\/en\\\/#\\\/schema\\\/logo\\\/image\\\/\"}}]}<\/script>\n<!-- \/ Yoast SEO plugin. -->","yoast_head_json":{"title":"Arnedillo - Ayuntamiento de Arnedillo - La Rioja","robots":{"index":"index","follow":"follow","max-snippet":"max-snippet:-1","max-image-preview":"max-image-preview:large","max-video-preview":"max-video-preview:-1"},"canonical":"https:\/\/www.arnedillo.org\/en\/city-council\/arnedillo\/","og_locale":"en_US","og_type":"article","og_title":"Arnedillo - Ayuntamiento de Arnedillo - La Rioja","og_description":"General information:Location: Population: 450 (INE 2022).Area:\u00a048 km2.Elevation:\u00a0651 m.County:\u00a0Arnedo.Distance from Logro\u00f1o:\u00a062 km.Distance from Calahorra: 27 km.GeographyLocated in the High Valley of the Cidacos River, 651 m. above sea level, Arnedillo covers [&hellip;]","og_url":"https:\/\/www.arnedillo.org\/en\/city-council\/arnedillo\/","og_site_name":"Ayuntamiento de Arnedillo - La Rioja","article_modified_time":"2023-08-18T10:07:04+00:00","twitter_card":"summary_large_image","twitter_misc":{"Est. reading time":"9 minutes"},"schema":{"@context":"https:\/\/schema.org","@graph":[{"@type":"WebPage","@id":"https:\/\/www.arnedillo.org\/en\/city-council\/arnedillo\/","url":"https:\/\/www.arnedillo.org\/en\/city-council\/arnedillo\/","name":"Arnedillo - Ayuntamiento de Arnedillo - La Rioja","isPartOf":{"@id":"https:\/\/www.arnedillo.org\/en\/#website"},"datePublished":"2023-05-31T17:22:04+00:00","dateModified":"2023-08-18T10:07:04+00:00","breadcrumb":{"@id":"https:\/\/www.arnedillo.org\/en\/city-council\/arnedillo\/#breadcrumb"},"inLanguage":"en-US","potentialAction":[{"@type":"ReadAction","target":["https:\/\/www.arnedillo.org\/en\/city-council\/arnedillo\/"]}]},{"@type":"BreadcrumbList","@id":"https:\/\/www.arnedillo.org\/en\/city-council\/arnedillo\/#breadcrumb","itemListElement":[{"@type":"ListItem","position":1,"name":"Portada","item":"https:\/\/www.arnedillo.org\/en\/"},{"@type":"ListItem","position":2,"name":"Arnedillo"}]},{"@type":"WebSite","@id":"https:\/\/www.arnedillo.org\/en\/#website","url":"https:\/\/www.arnedillo.org\/en\/","name":"Ayuntamiento de Arnedillo - La Rioja","description":"","publisher":{"@id":"https:\/\/www.arnedillo.org\/en\/#organization"},"potentialAction":[{"@type":"SearchAction","target":{"@type":"EntryPoint","urlTemplate":"https:\/\/www.arnedillo.org\/en\/?s={search_term_string}"},"query-input":{"@type":"PropertyValueSpecification","valueRequired":true,"valueName":"search_term_string"}}],"inLanguage":"en-US"},{"@type":"Organization","@id":"https:\/\/www.arnedillo.org\/en\/#organization","name":"Ayuntamiento de Arnedillo - La Rioja","url":"https:\/\/www.arnedillo.org\/en\/","logo":{"@type":"ImageObject","inLanguage":"en-US","@id":"https:\/\/www.arnedillo.org\/en\/#\/schema\/logo\/image\/","url":"https:\/\/www.arnedillo.org\/wp-content\/uploads\/2023\/04\/logo.svg","contentUrl":"https:\/\/www.arnedillo.org\/wp-content\/uploads\/2023\/04\/logo.svg","width":100,"height":100,"caption":"Ayuntamiento de Arnedillo - La Rioja"},"image":{"@id":"https:\/\/www.arnedillo.org\/en\/#\/schema\/logo\/image\/"}}]}},"_links":{"self":[{"href":"https:\/\/www.arnedillo.org\/en\/wp-json\/wp\/v2\/pages\/1084","targetHints":{"allow":["GET"]}}],"collection":[{"href":"https:\/\/www.arnedillo.org\/en\/wp-json\/wp\/v2\/pages"}],"about":[{"href":"https:\/\/www.arnedillo.org\/en\/wp-json\/wp\/v2\/types\/page"}],"author":[{"embeddable":true,"href":"https:\/\/www.arnedillo.org\/en\/wp-json\/wp\/v2\/users\/1"}],"replies":[{"embeddable":true,"href":"https:\/\/www.arnedillo.org\/en\/wp-json\/wp\/v2\/comments?post=1084"}],"version-history":[{"count":2,"href":"https:\/\/www.arnedillo.org\/en\/wp-json\/wp\/v2\/pages\/1084\/revisions"}],"predecessor-version":[{"id":1086,"href":"https:\/\/www.arnedillo.org\/en\/wp-json\/wp\/v2\/pages\/1084\/revisions\/1086"}],"up":[{"embeddable":true,"href":"https:\/\/www.arnedillo.org\/en\/wp-json\/wp\/v2\/pages\/1119"}],"wp:attachment":[{"href":"https:\/\/www.arnedillo.org\/en\/wp-json\/wp\/v2\/media?parent=1084"}],"curies":[{"name":"wp","href":"https:\/\/api.w.org\/{rel}","templated":true}]}}