{"id":1333,"date":"2023-07-10T20:46:09","date_gmt":"2023-07-10T20:46:09","guid":{"rendered":"https:\/\/www.arnedillo.org\/chemin-corazon-de-jesus\/"},"modified":"2023-09-26T09:47:05","modified_gmt":"2023-09-26T09:47:05","slug":"chemin-corazon-de-jesus","status":"publish","type":"page","link":"https:\/\/www.arnedillo.org\/fr\/tourisme\/chemin-corazon-de-jesus\/","title":{"rendered":"Chemin Coraz\u00f3n de Jes\u00fas"},"content":{"rendered":"<p>[et_pb_section fb_built=\u00a0\u00bb1&Prime; _builder_version=\u00a0\u00bb4.21.0&Prime; _module_preset=\u00a0\u00bbdefault\u00a0\u00bb background_color=\u00a0\u00bbrgba(0,0,0,0.25)\u00a0\u00bb background_image=\u00a0\u00bbhttps:\/\/www.arnedillo.org\/wp-content\/uploads\/2023\/07\/51_arnedillo.jpg\u00a0\u00bb background_blend=\u00a0\u00bbmultiply\u00a0\u00bb custom_padding=\u00a0\u00bb60px||60px||false|false\u00a0\u00bb hover_enabled=\u00a0\u00bb0&Prime; global_colors_info=\u00a0\u00bb{}\u00a0\u00bb theme_builder_area=\u00a0\u00bbpost_content\u00a0\u00bb title_text=\u00a0\u00bb51_arnedillo\u00a0\u00bb sticky_enabled=\u00a0\u00bb0&Prime;][et_pb_row _builder_version=\u00a0\u00bb4.21.0&Prime; _module_preset=\u00a0\u00bbdefault\u00a0\u00bb global_colors_info=\u00a0\u00bb{}\u00a0\u00bb theme_builder_area=\u00a0\u00bbpost_content\u00a0\u00bb][et_pb_column type=\u00a0\u00bb4_4&Prime; _builder_version=\u00a0\u00bb4.21.0&Prime; _module_preset=\u00a0\u00bbdefault\u00a0\u00bb global_colors_info=\u00a0\u00bb{}\u00a0\u00bb theme_builder_area=\u00a0\u00bbpost_content\u00a0\u00bb][et_pb_post_title _builder_version=\u00a0\u00bb4.21.0&Prime; _module_preset=\u00a0\u00bbdefault\u00a0\u00bb global_colors_info=\u00a0\u00bb{}\u00a0\u00bb theme_builder_area=\u00a0\u00bbpost_content\u00a0\u00bb][\/et_pb_post_title][\/et_pb_column][\/et_pb_row][\/et_pb_section][et_pb_section fb_built=\u00a0\u00bb1&Prime; _builder_version=\u00a0\u00bb4.21.0&Prime; _module_preset=\u00a0\u00bbdefault\u00a0\u00bb global_colors_info=\u00a0\u00bb{}\u00a0\u00bb theme_builder_area=\u00a0\u00bbpost_content\u00a0\u00bb][et_pb_row column_structure=\u00a0\u00bb1_2,1_2&Prime; _builder_version=\u00a0\u00bb4.21.0&Prime; _module_preset=\u00a0\u00bbdefault\u00a0\u00bb global_colors_info=\u00a0\u00bb{}\u00a0\u00bb theme_builder_area=\u00a0\u00bbpost_content\u00a0\u00bb][et_pb_column type=\u00a0\u00bb1_2&Prime; _builder_version=\u00a0\u00bb4.21.0&Prime; _module_preset=\u00a0\u00bbdefault\u00a0\u00bb global_colors_info=\u00a0\u00bb{}\u00a0\u00bb theme_builder_area=\u00a0\u00bbpost_content\u00a0\u00bb][et_pb_text _builder_version=\u00a0\u00bb4.21.0&Prime; _module_preset=\u00a0\u00bbdefault\u00a0\u00bb hover_enabled=\u00a0\u00bb0&Prime; global_colors_info=\u00a0\u00bb{}\u00a0\u00bb theme_builder_area=\u00a0\u00bbpost_content\u00a0\u00bb sticky_enabled=\u00a0\u00bb0&Prime;]<\/p>\n<p><strong>Description du parcours\u00a0: \u00c0 partir des piscines municipales, suivre la voie verte jusque l&rsquo;\u00e9glise. Apr\u00e8s le pressoir d&rsquo;huile, traverser le pont et prendre le chemin sur la gauche. Apr\u00e8s 100\u00a0m, continuer sur le chemin \u00e0 droite pour commencer la mont\u00e9e (650\u00a0m) sur le chemin zigzagant de la pin\u00e8de jusqu&rsquo;\u00e0 la chapelle du Coraz\u00f3n de Jes\u00fas. La descente (850\u00a0m) se fait par le flanc vers la chapelle de saint Zoilo \u00e0 la station thermale. En continuant sur la route vers la commune, on arrive \u00e0 l&rsquo;ermitage Virgen de la Torre.<\/strong><\/p>\n<p>\u00c0 partir de la station thermale. Le d\u00e9part se fait du chemin de la station thermale.Monter par la pin\u00e8de et passer par deux points de vue qui contournent le flanc jusqu&rsquo;\u00e0 arriver au sommet o\u00f9 se trouve la chapelle Coraz\u00f3n de Jes\u00fas. Ensuite, descendre par la partie avant de la montagne, par le chemin zigzagant de la pin\u00e8de jusqu&rsquo;\u00e0 arriver au pont qui relie \u00e0 la voie verte, continuer par la voie verte jusqu&rsquo;aux piscines municipales.<\/p>\n<p><strong>Dur\u00e9e du parcours\u00a0:<\/strong> Environ 1h.<\/p>\n<p>[\/et_pb_text][\/et_pb_column][et_pb_column type=\u00a0\u00bb1_2&Prime; _builder_version=\u00a0\u00bb4.21.0&Prime; _module_preset=\u00a0\u00bbdefault\u00a0\u00bb global_colors_info=\u00a0\u00bb{}\u00a0\u00bb theme_builder_area=\u00a0\u00bbpost_content\u00a0\u00bb][et_pb_gallery gallery_ids=\u00a0\u00bb442&Prime; fullwidth=\u00a0\u00bbon\u00a0\u00bb _builder_version=\u00a0\u00bb4.21.0&Prime; _module_preset=\u00a0\u00bbdefault\u00a0\u00bb hover_enabled=\u00a0\u00bb0&Prime; global_colors_info=\u00a0\u00bb{}\u00a0\u00bb theme_builder_area=\u00a0\u00bbpost_content\u00a0\u00bb sticky_enabled=\u00a0\u00bb0&Prime;][\/et_pb_gallery][\/et_pb_column][\/et_pb_row][\/et_pb_section]<\/p>\n","protected":false},"excerpt":{"rendered":"<p>Description du parcours\u00a0: \u00c0 partir des piscines municipales, suivre la voie verte jusque l&rsquo;\u00e9glise. Apr\u00e8s le pressoir d&rsquo;huile, traverser le pont et prendre le chemin sur la gauche. Apr\u00e8s 100\u00a0m, [&hellip;]<\/p>\n","protected":false},"author":1,"featured_media":0,"parent":1351,"menu_order":0,"comment_status":"closed","ping_status":"closed","template":"","meta":{"_et_pb_use_builder":"on","_et_pb_old_content":"","_et_gb_content_width":"","_monsterinsights_skip_tracking":false,"_monsterinsights_sitenote_active":false,"_monsterinsights_sitenote_note":"","_monsterinsights_sitenote_category":0,"footnotes":""},"class_list":["post-1333","page","type-page","status-publish","hentry"],"yoast_head":"<!-- This site is optimized with the Yoast SEO plugin v27.5 - https:\/\/yoast.com\/product\/yoast-seo-wordpress\/ -->\n<title>Chemin Coraz\u00f3n de Jes\u00fas - Ayuntamiento de Arnedillo - La Rioja<\/title>\n<meta name=\"robots\" content=\"index, follow, max-snippet:-1, max-image-preview:large, max-video-preview:-1\" \/>\n<link rel=\"canonical\" href=\"https:\/\/www.arnedillo.org\/fr\/tourisme\/chemin-corazon-de-jesus\/\" \/>\n<meta property=\"og:locale\" content=\"fr_FR\" \/>\n<meta property=\"og:type\" content=\"article\" \/>\n<meta property=\"og:title\" content=\"Chemin Coraz\u00f3n de Jes\u00fas - Ayuntamiento de Arnedillo - La Rioja\" \/>\n<meta property=\"og:description\" content=\"Description du parcours\u00a0: \u00c0 partir des piscines municipales, suivre la voie verte jusque l&#039;\u00e9glise. Apr\u00e8s le pressoir d&#039;huile, traverser le pont et prendre le chemin sur la gauche. Apr\u00e8s 100\u00a0m, [&hellip;]\" \/>\n<meta property=\"og:url\" content=\"https:\/\/www.arnedillo.org\/fr\/tourisme\/chemin-corazon-de-jesus\/\" \/>\n<meta property=\"og:site_name\" content=\"Ayuntamiento de Arnedillo - La Rioja\" \/>\n<meta property=\"article:modified_time\" content=\"2023-09-26T09:47:05+00:00\" \/>\n<meta name=\"twitter:card\" content=\"summary_large_image\" \/>\n<meta name=\"twitter:label1\" content=\"Dur\u00e9e de lecture estim\u00e9e\" \/>\n\t<meta name=\"twitter:data1\" content=\"2 minutes\" \/>\n<script type=\"application\/ld+json\" class=\"yoast-schema-graph\">{\"@context\":\"https:\\\/\\\/schema.org\",\"@graph\":[{\"@type\":\"WebPage\",\"@id\":\"https:\\\/\\\/www.arnedillo.org\\\/fr\\\/tourisme\\\/chemin-corazon-de-jesus\\\/\",\"url\":\"https:\\\/\\\/www.arnedillo.org\\\/fr\\\/tourisme\\\/chemin-corazon-de-jesus\\\/\",\"name\":\"Chemin Coraz\u00f3n de Jes\u00fas - Ayuntamiento de Arnedillo - La Rioja\",\"isPartOf\":{\"@id\":\"https:\\\/\\\/www.arnedillo.org\\\/fr\\\/#website\"},\"datePublished\":\"2023-07-10T20:46:09+00:00\",\"dateModified\":\"2023-09-26T09:47:05+00:00\",\"breadcrumb\":{\"@id\":\"https:\\\/\\\/www.arnedillo.org\\\/fr\\\/tourisme\\\/chemin-corazon-de-jesus\\\/#breadcrumb\"},\"inLanguage\":\"fr-FR\",\"potentialAction\":[{\"@type\":\"ReadAction\",\"target\":[\"https:\\\/\\\/www.arnedillo.org\\\/fr\\\/tourisme\\\/chemin-corazon-de-jesus\\\/\"]}]},{\"@type\":\"BreadcrumbList\",\"@id\":\"https:\\\/\\\/www.arnedillo.org\\\/fr\\\/tourisme\\\/chemin-corazon-de-jesus\\\/#breadcrumb\",\"itemListElement\":[{\"@type\":\"ListItem\",\"position\":1,\"name\":\"Portada\",\"item\":\"https:\\\/\\\/www.arnedillo.org\\\/fr\\\/\"},{\"@type\":\"ListItem\",\"position\":2,\"name\":\"Chemin Coraz\u00f3n de Jes\u00fas\"}]},{\"@type\":\"WebSite\",\"@id\":\"https:\\\/\\\/www.arnedillo.org\\\/fr\\\/#website\",\"url\":\"https:\\\/\\\/www.arnedillo.org\\\/fr\\\/\",\"name\":\"Ayuntamiento de Arnedillo - La Rioja\",\"description\":\"\",\"publisher\":{\"@id\":\"https:\\\/\\\/www.arnedillo.org\\\/fr\\\/#organization\"},\"potentialAction\":[{\"@type\":\"SearchAction\",\"target\":{\"@type\":\"EntryPoint\",\"urlTemplate\":\"https:\\\/\\\/www.arnedillo.org\\\/fr\\\/?s={search_term_string}\"},\"query-input\":{\"@type\":\"PropertyValueSpecification\",\"valueRequired\":true,\"valueName\":\"search_term_string\"}}],\"inLanguage\":\"fr-FR\"},{\"@type\":\"Organization\",\"@id\":\"https:\\\/\\\/www.arnedillo.org\\\/fr\\\/#organization\",\"name\":\"Ayuntamiento de Arnedillo - La Rioja\",\"url\":\"https:\\\/\\\/www.arnedillo.org\\\/fr\\\/\",\"logo\":{\"@type\":\"ImageObject\",\"inLanguage\":\"fr-FR\",\"@id\":\"https:\\\/\\\/www.arnedillo.org\\\/fr\\\/#\\\/schema\\\/logo\\\/image\\\/\",\"url\":\"https:\\\/\\\/www.arnedillo.org\\\/wp-content\\\/uploads\\\/2023\\\/04\\\/logo.svg\",\"contentUrl\":\"https:\\\/\\\/www.arnedillo.org\\\/wp-content\\\/uploads\\\/2023\\\/04\\\/logo.svg\",\"width\":100,\"height\":100,\"caption\":\"Ayuntamiento de Arnedillo - La Rioja\"},\"image\":{\"@id\":\"https:\\\/\\\/www.arnedillo.org\\\/fr\\\/#\\\/schema\\\/logo\\\/image\\\/\"}}]}<\/script>\n<!-- \/ Yoast SEO plugin. -->","yoast_head_json":{"title":"Chemin Coraz\u00f3n de Jes\u00fas - Ayuntamiento de Arnedillo - La Rioja","robots":{"index":"index","follow":"follow","max-snippet":"max-snippet:-1","max-image-preview":"max-image-preview:large","max-video-preview":"max-video-preview:-1"},"canonical":"https:\/\/www.arnedillo.org\/fr\/tourisme\/chemin-corazon-de-jesus\/","og_locale":"fr_FR","og_type":"article","og_title":"Chemin Coraz\u00f3n de Jes\u00fas - Ayuntamiento de Arnedillo - La Rioja","og_description":"Description du parcours\u00a0: \u00c0 partir des piscines municipales, suivre la voie verte jusque l'\u00e9glise. Apr\u00e8s le pressoir d'huile, traverser le pont et prendre le chemin sur la gauche. Apr\u00e8s 100\u00a0m, [&hellip;]","og_url":"https:\/\/www.arnedillo.org\/fr\/tourisme\/chemin-corazon-de-jesus\/","og_site_name":"Ayuntamiento de Arnedillo - La Rioja","article_modified_time":"2023-09-26T09:47:05+00:00","twitter_card":"summary_large_image","twitter_misc":{"Dur\u00e9e de lecture estim\u00e9e":"2 minutes"},"schema":{"@context":"https:\/\/schema.org","@graph":[{"@type":"WebPage","@id":"https:\/\/www.arnedillo.org\/fr\/tourisme\/chemin-corazon-de-jesus\/","url":"https:\/\/www.arnedillo.org\/fr\/tourisme\/chemin-corazon-de-jesus\/","name":"Chemin Coraz\u00f3n de Jes\u00fas - Ayuntamiento de Arnedillo - La Rioja","isPartOf":{"@id":"https:\/\/www.arnedillo.org\/fr\/#website"},"datePublished":"2023-07-10T20:46:09+00:00","dateModified":"2023-09-26T09:47:05+00:00","breadcrumb":{"@id":"https:\/\/www.arnedillo.org\/fr\/tourisme\/chemin-corazon-de-jesus\/#breadcrumb"},"inLanguage":"fr-FR","potentialAction":[{"@type":"ReadAction","target":["https:\/\/www.arnedillo.org\/fr\/tourisme\/chemin-corazon-de-jesus\/"]}]},{"@type":"BreadcrumbList","@id":"https:\/\/www.arnedillo.org\/fr\/tourisme\/chemin-corazon-de-jesus\/#breadcrumb","itemListElement":[{"@type":"ListItem","position":1,"name":"Portada","item":"https:\/\/www.arnedillo.org\/fr\/"},{"@type":"ListItem","position":2,"name":"Chemin Coraz\u00f3n de Jes\u00fas"}]},{"@type":"WebSite","@id":"https:\/\/www.arnedillo.org\/fr\/#website","url":"https:\/\/www.arnedillo.org\/fr\/","name":"Ayuntamiento de Arnedillo - La Rioja","description":"","publisher":{"@id":"https:\/\/www.arnedillo.org\/fr\/#organization"},"potentialAction":[{"@type":"SearchAction","target":{"@type":"EntryPoint","urlTemplate":"https:\/\/www.arnedillo.org\/fr\/?s={search_term_string}"},"query-input":{"@type":"PropertyValueSpecification","valueRequired":true,"valueName":"search_term_string"}}],"inLanguage":"fr-FR"},{"@type":"Organization","@id":"https:\/\/www.arnedillo.org\/fr\/#organization","name":"Ayuntamiento de Arnedillo - La Rioja","url":"https:\/\/www.arnedillo.org\/fr\/","logo":{"@type":"ImageObject","inLanguage":"fr-FR","@id":"https:\/\/www.arnedillo.org\/fr\/#\/schema\/logo\/image\/","url":"https:\/\/www.arnedillo.org\/wp-content\/uploads\/2023\/04\/logo.svg","contentUrl":"https:\/\/www.arnedillo.org\/wp-content\/uploads\/2023\/04\/logo.svg","width":100,"height":100,"caption":"Ayuntamiento de Arnedillo - La Rioja"},"image":{"@id":"https:\/\/www.arnedillo.org\/fr\/#\/schema\/logo\/image\/"}}]}},"_links":{"self":[{"href":"https:\/\/www.arnedillo.org\/fr\/wp-json\/wp\/v2\/pages\/1333","targetHints":{"allow":["GET"]}}],"collection":[{"href":"https:\/\/www.arnedillo.org\/fr\/wp-json\/wp\/v2\/pages"}],"about":[{"href":"https:\/\/www.arnedillo.org\/fr\/wp-json\/wp\/v2\/types\/page"}],"author":[{"embeddable":true,"href":"https:\/\/www.arnedillo.org\/fr\/wp-json\/wp\/v2\/users\/1"}],"replies":[{"embeddable":true,"href":"https:\/\/www.arnedillo.org\/fr\/wp-json\/wp\/v2\/comments?post=1333"}],"version-history":[{"count":2,"href":"https:\/\/www.arnedillo.org\/fr\/wp-json\/wp\/v2\/pages\/1333\/revisions"}],"predecessor-version":[{"id":1335,"href":"https:\/\/www.arnedillo.org\/fr\/wp-json\/wp\/v2\/pages\/1333\/revisions\/1335"}],"up":[{"embeddable":true,"href":"https:\/\/www.arnedillo.org\/fr\/wp-json\/wp\/v2\/pages\/1351"}],"wp:attachment":[{"href":"https:\/\/www.arnedillo.org\/fr\/wp-json\/wp\/v2\/media?parent=1333"}],"curies":[{"name":"wp","href":"https:\/\/api.w.org\/{rel}","templated":true}]}}