{"id":1339,"date":"2023-07-10T21:06:55","date_gmt":"2023-07-10T21:06:55","guid":{"rendered":"https:\/\/www.arnedillo.org\/centre-dinterpretation-et-dobservation-du-vautour-fauve-el-mirador-del-buitre\/"},"modified":"2023-09-26T09:52:28","modified_gmt":"2023-09-26T09:52:28","slug":"centre-dinterpretation-et-dobservation-du-vautour-fauve-el-mirador-del-buitre","status":"publish","type":"page","link":"https:\/\/www.arnedillo.org\/fr\/turismocentre-dinterpretation-et-dobservation-du-vautour-fauve-el-mirador-del-buitre\/","title":{"rendered":"Centre d&rsquo;interpr\u00e9tation et d&rsquo;observation du vautour fauve \u00ab El Mirador del Buitre \u00bb"},"content":{"rendered":"<p>[et_pb_section fb_built=\u00a0\u00bb1&Prime; _builder_version=\u00a0\u00bb4.21.0&Prime; _module_preset=\u00a0\u00bbdefault\u00a0\u00bb background_color=\u00a0\u00bbrgba(0,0,0,0.25)\u00a0\u00bb background_image=\u00a0\u00bbhttps:\/\/www.arnedillo.org\/wp-content\/uploads\/2023\/07\/mirador_del_buitre2.jpg\u00a0\u00bb background_blend=\u00a0\u00bbmultiply\u00a0\u00bb custom_padding=\u00a0\u00bb60px||60px||false|false\u00a0\u00bb hover_enabled=\u00a0\u00bb0&Prime; global_colors_info=\u00a0\u00bb{}\u00a0\u00bb title_text=\u00a0\u00bbmirador_del_buitre2&Prime; sticky_enabled=\u00a0\u00bb0&Prime;][et_pb_row _builder_version=\u00a0\u00bb4.21.0&Prime; _module_preset=\u00a0\u00bbdefault\u00a0\u00bb global_colors_info=\u00a0\u00bb{}\u00a0\u00bb][et_pb_column type=\u00a0\u00bb4_4&Prime; _builder_version=\u00a0\u00bb4.21.0&Prime; _module_preset=\u00a0\u00bbdefault\u00a0\u00bb global_colors_info=\u00a0\u00bb{}\u00a0\u00bb][et_pb_post_title _builder_version=\u00a0\u00bb4.21.0&Prime; _module_preset=\u00a0\u00bbdefault\u00a0\u00bb global_colors_info=\u00a0\u00bb{}\u00a0\u00bb][\/et_pb_post_title][\/et_pb_column][\/et_pb_row][\/et_pb_section][et_pb_section fb_built=\u00a0\u00bb1&Prime; _builder_version=\u00a0\u00bb4.21.0&Prime; _module_preset=\u00a0\u00bbdefault\u00a0\u00bb background_enable_color=\u00a0\u00bboff\u00a0\u00bb global_colors_info=\u00a0\u00bb{}\u00a0\u00bb][et_pb_row column_structure=\u00a0\u00bb1_2,1_2&Prime; _builder_version=\u00a0\u00bb4.21.0&Prime; _module_preset=\u00a0\u00bbdefault\u00a0\u00bb global_colors_info=\u00a0\u00bb{}\u00a0\u00bb][et_pb_column type=\u00a0\u00bb1_2&Prime; _builder_version=\u00a0\u00bb4.21.0&Prime; _module_preset=\u00a0\u00bbdefault\u00a0\u00bb global_colors_info=\u00a0\u00bb{}\u00a0\u00bb][et_pb_text _builder_version=\u00a0\u00bb4.21.0&Prime; _module_preset=\u00a0\u00bbdefault\u00a0\u00bb global_colors_info=\u00a0\u00bb{}\u00a0\u00bb]<\/p>\n<p>Situ\u00e9 dans l&rsquo;ancien quai de chargement de la carri\u00e8re, il est compos\u00e9 de deux zones\u00a0:<\/p>\n<ul>\n<li>\u00c0 l&rsquo;int\u00e9rieur, il h\u00e9berge une exposition compl\u00e8te sur le cycle de la vie du vautour fauve ; un \u00e9cran pour observer des images de vulgarisation sur la nidification, l&rsquo;\u00e9ducation des petits et le repos du vautour, en plus de deux maquettes \u00e0 taille r\u00e9elle du vautour pos\u00e9 et en vol.<\/li>\n<li>\u00c0 l&rsquo;ext\u00e9rieur, un point de vue \u00e0 l&rsquo;air libre pour l&rsquo;observation d&rsquo;oiseaux gr\u00e2ce \u00e0 des t\u00e9lescopes et des jumelles.<\/li>\n<\/ul>\n<p>[\/et_pb_text][et_pb_text _builder_version=\u00a0\u00bb4.21.0&Prime; _module_preset=\u00a0\u00bbdefault\u00a0\u00bb global_colors_info=\u00a0\u00bb{}\u00a0\u00bb]<\/p>\n<h3>R\u00c9COMPENSE CONAMA de durabilit\u00e9.<\/h3>\n<p>La Fondation CONAMA a attribu\u00e9 un Accesit \u00e0 la mairie d&rsquo;Arnedillo lors de sa IV<sup>e<\/sup> \u00e9dition.<\/p>\n<p>\u00a0Le Mirador del Buitre a rouvert ses portes en avril 2022, apr\u00e8s un r\u00e9am\u00e9nagement important du b\u00e2timent et de ses contenus p\u00e9dagogiques pour que votre visite soit plus int\u00e9ressante et attrayante.<\/p>\n<p>[\/et_pb_text][\/et_pb_column][et_pb_column type=\u00a0\u00bb1_2&Prime; _builder_version=\u00a0\u00bb4.21.0&Prime; _module_preset=\u00a0\u00bbdefault\u00a0\u00bb global_colors_info=\u00a0\u00bb{}\u00a0\u00bb][et_pb_gallery gallery_ids=\u00a0\u00bb561&Prime; fullwidth=\u00a0\u00bbon\u00a0\u00bb _builder_version=\u00a0\u00bb4.21.0&Prime; _module_preset=\u00a0\u00bbdefault\u00a0\u00bb hover_enabled=\u00a0\u00bb0&Prime; global_colors_info=\u00a0\u00bb{}\u00a0\u00bb sticky_enabled=\u00a0\u00bb0&Prime;][\/et_pb_gallery][\/et_pb_column][\/et_pb_row][et_pb_row column_structure=\u00a0\u00bb1_2,1_2&Prime; _builder_version=\u00a0\u00bb4.21.0&Prime; _module_preset=\u00a0\u00bbdefault\u00a0\u00bb global_colors_info=\u00a0\u00bb{}\u00a0\u00bb][et_pb_column type=\u00a0\u00bb1_2&Prime; _builder_version=\u00a0\u00bb4.21.0&Prime; _module_preset=\u00a0\u00bbdefault\u00a0\u00bb global_colors_info=\u00a0\u00bb{}\u00a0\u00bb][et_pb_text _builder_version=\u00a0\u00bb4.21.0&Prime; _module_preset=\u00a0\u00bb9673d2ae-fa11-4a13-8e29-53d12292c770&Prime; global_colors_info=\u00a0\u00bb{}\u00a0\u00bb]<\/p>\n<h3>Acc\u00e8s :<\/h3>\n<p>[\/et_pb_text][et_pb_text _builder_version=\u00a0\u00bb4.21.0&Prime; _module_preset=\u00a0\u00bbdefault\u00a0\u00bb global_colors_info=\u00a0\u00bb{}\u00a0\u00bb]<\/p>\n<p>\u00a0Prendre la route LR-115 direction Arnedo. \u00c0 1\u00a0km, avec la d\u00e9via\u00adtion \u00e0 droite, on arrive \u00e0 l&rsquo;ancien pont de la route courb\u00e9e. Monter les marches en bois vers la voie verte et monter par le sentier \u00e0 pied (70\u00a0m) jusqu&rsquo;\u00e0 arriver au Mirador del Buitre.<\/p>\n<p><strong>ADRESSE\u00a0:<\/strong> ROUTE D&rsquo;ARNEDO (ANCIEN QUAI DE CHARGE DE LA CARRI\u00c8RE).<br \/><strong>T\u00c9L\u00c9PHONE\/FAX\u00a0:<\/strong> (+34) 669 576 090\/\/ (+34) 941 39 42 26<\/p>\n<p><strong>\u00a0OUVERTURE 4 MARS 2023\u00a0<\/strong><\/p>\n<p>[\/et_pb_text][\/et_pb_column][et_pb_column type=\u00a0\u00bb1_2&Prime; _builder_version=\u00a0\u00bb4.21.0&Prime; _module_preset=\u00a0\u00bbdefault\u00a0\u00bb global_colors_info=\u00a0\u00bb{}\u00a0\u00bb][et_pb_text _builder_version=\u00a0\u00bb4.21.0&Prime; _module_preset=\u00a0\u00bb9673d2ae-fa11-4a13-8e29-53d12292c770&Prime; global_colors_info=\u00a0\u00bb{}\u00a0\u00bb]<\/p>\n<h3>Entr\u00e9e \/ Horaires:<\/h3>\n<p>[\/et_pb_text][et_pb_text _builder_version=\u00a0\u00bb4.21.0&Prime; _module_preset=\u00a0\u00bbdefault\u00a0\u00bb global_colors_info=\u00a0\u00bb{}\u00a0\u00bb]<\/p>\n<p>12 ans et plus\u00a0: 2\u00a0\u20ac<br \/>Moins de 12 ans\u00a0: gratuit<br \/><strong>Groupes (20-25 personnes)\u00a0:<\/strong>\u00a025\u00a0\u20ac<\/p>\n<p>Samedi\u00a0: 11h00\/12h00\/13h00\u00a0\u00a0\u00a0\u00a0\u00a0\u00a0\u00a0\u00a0\u00a0\u00a0 17h00\/18h00<\/p>\n<p>Nous vous recommandons de prendre rendez-vous pour \u00eatre certain de pouvoir faire la visite, (+34) 941\u00a039 42 26 (Office de tourisme) \/\/(+34) 669 576 090.<\/p>\n<p>*Pour les groupes, convenir d&rsquo;une visite par t\u00e9l\u00e9phone. (+34) 941\u00a039 42 26 (Office de tourisme) \/\/ (+34) 669 576 090,\u00a0arnedillo@lariojaturismo.com*<\/p>\n<p>[\/et_pb_text][\/et_pb_column][\/et_pb_row][\/et_pb_section]<\/p>\n","protected":false},"excerpt":{"rendered":"<p>Situ\u00e9 dans l&rsquo;ancien quai de chargement de la carri\u00e8re, il est compos\u00e9 de deux zones\u00a0: \u00c0 l&rsquo;int\u00e9rieur, il h\u00e9berge une exposition compl\u00e8te sur le cycle de la vie du vautour [&hellip;]<\/p>\n","protected":false},"author":1,"featured_media":0,"parent":1351,"menu_order":0,"comment_status":"closed","ping_status":"closed","template":"","meta":{"_et_pb_use_builder":"on","_et_pb_old_content":"","_et_gb_content_width":"","_monsterinsights_skip_tracking":false,"_monsterinsights_sitenote_active":false,"_monsterinsights_sitenote_note":"","_monsterinsights_sitenote_category":0,"footnotes":""},"class_list":["post-1339","page","type-page","status-publish","hentry"],"yoast_head":"<!-- This site is optimized with the Yoast SEO plugin v27.4 - https:\/\/yoast.com\/product\/yoast-seo-wordpress\/ -->\n<title>Centre d&#039;interpr\u00e9tation et d&#039;observation du vautour fauve \u00ab El Mirador del Buitre \u00bb - Ayuntamiento de Arnedillo - La Rioja<\/title>\n<meta name=\"robots\" content=\"index, follow, max-snippet:-1, max-image-preview:large, max-video-preview:-1\" \/>\n<link rel=\"canonical\" href=\"https:\/\/www.arnedillo.org\/fr\/turismocentre-dinterpretation-et-dobservation-du-vautour-fauve-el-mirador-del-buitre\/\" \/>\n<meta property=\"og:locale\" content=\"fr_FR\" \/>\n<meta property=\"og:type\" content=\"article\" \/>\n<meta property=\"og:title\" content=\"Centre d&#039;interpr\u00e9tation et d&#039;observation du vautour fauve \u00ab El Mirador del Buitre \u00bb - Ayuntamiento de Arnedillo - La Rioja\" \/>\n<meta property=\"og:description\" content=\"Situ\u00e9 dans l&#039;ancien quai de chargement de la carri\u00e8re, il est compos\u00e9 de deux zones\u00a0: \u00c0 l&#039;int\u00e9rieur, il h\u00e9berge une exposition compl\u00e8te sur le cycle de la vie du vautour [&hellip;]\" \/>\n<meta property=\"og:url\" content=\"https:\/\/www.arnedillo.org\/fr\/turismocentre-dinterpretation-et-dobservation-du-vautour-fauve-el-mirador-del-buitre\/\" \/>\n<meta property=\"og:site_name\" content=\"Ayuntamiento de Arnedillo - La Rioja\" \/>\n<meta property=\"article:modified_time\" content=\"2023-09-26T09:52:28+00:00\" \/>\n<meta name=\"twitter:card\" content=\"summary_large_image\" \/>\n<meta name=\"twitter:label1\" content=\"Dur\u00e9e de lecture estim\u00e9e\" \/>\n\t<meta name=\"twitter:data1\" content=\"3 minutes\" \/>\n<script type=\"application\/ld+json\" class=\"yoast-schema-graph\">{\"@context\":\"https:\\\/\\\/schema.org\",\"@graph\":[{\"@type\":\"WebPage\",\"@id\":\"https:\\\/\\\/www.arnedillo.org\\\/fr\\\/turismocentre-dinterpretation-et-dobservation-du-vautour-fauve-el-mirador-del-buitre\\\/\",\"url\":\"https:\\\/\\\/www.arnedillo.org\\\/fr\\\/turismocentre-dinterpretation-et-dobservation-du-vautour-fauve-el-mirador-del-buitre\\\/\",\"name\":\"Centre d'interpr\u00e9tation et d'observation du vautour fauve \u00ab El Mirador del Buitre \u00bb - Ayuntamiento de Arnedillo - La Rioja\",\"isPartOf\":{\"@id\":\"https:\\\/\\\/www.arnedillo.org\\\/fr\\\/#website\"},\"datePublished\":\"2023-07-10T21:06:55+00:00\",\"dateModified\":\"2023-09-26T09:52:28+00:00\",\"breadcrumb\":{\"@id\":\"https:\\\/\\\/www.arnedillo.org\\\/fr\\\/turismocentre-dinterpretation-et-dobservation-du-vautour-fauve-el-mirador-del-buitre\\\/#breadcrumb\"},\"inLanguage\":\"fr-FR\",\"potentialAction\":[{\"@type\":\"ReadAction\",\"target\":[\"https:\\\/\\\/www.arnedillo.org\\\/fr\\\/turismocentre-dinterpretation-et-dobservation-du-vautour-fauve-el-mirador-del-buitre\\\/\"]}]},{\"@type\":\"BreadcrumbList\",\"@id\":\"https:\\\/\\\/www.arnedillo.org\\\/fr\\\/turismocentre-dinterpretation-et-dobservation-du-vautour-fauve-el-mirador-del-buitre\\\/#breadcrumb\",\"itemListElement\":[{\"@type\":\"ListItem\",\"position\":1,\"name\":\"Portada\",\"item\":\"https:\\\/\\\/www.arnedillo.org\\\/fr\\\/\"},{\"@type\":\"ListItem\",\"position\":2,\"name\":\"Centre d&rsquo;interpr\u00e9tation et d&rsquo;observation du vautour fauve \u00ab El Mirador del Buitre \u00bb\"}]},{\"@type\":\"WebSite\",\"@id\":\"https:\\\/\\\/www.arnedillo.org\\\/fr\\\/#website\",\"url\":\"https:\\\/\\\/www.arnedillo.org\\\/fr\\\/\",\"name\":\"Ayuntamiento de Arnedillo - La Rioja\",\"description\":\"\",\"publisher\":{\"@id\":\"https:\\\/\\\/www.arnedillo.org\\\/fr\\\/#organization\"},\"potentialAction\":[{\"@type\":\"SearchAction\",\"target\":{\"@type\":\"EntryPoint\",\"urlTemplate\":\"https:\\\/\\\/www.arnedillo.org\\\/fr\\\/?s={search_term_string}\"},\"query-input\":{\"@type\":\"PropertyValueSpecification\",\"valueRequired\":true,\"valueName\":\"search_term_string\"}}],\"inLanguage\":\"fr-FR\"},{\"@type\":\"Organization\",\"@id\":\"https:\\\/\\\/www.arnedillo.org\\\/fr\\\/#organization\",\"name\":\"Ayuntamiento de Arnedillo - La Rioja\",\"url\":\"https:\\\/\\\/www.arnedillo.org\\\/fr\\\/\",\"logo\":{\"@type\":\"ImageObject\",\"inLanguage\":\"fr-FR\",\"@id\":\"https:\\\/\\\/www.arnedillo.org\\\/fr\\\/#\\\/schema\\\/logo\\\/image\\\/\",\"url\":\"https:\\\/\\\/www.arnedillo.org\\\/wp-content\\\/uploads\\\/2023\\\/04\\\/logo.svg\",\"contentUrl\":\"https:\\\/\\\/www.arnedillo.org\\\/wp-content\\\/uploads\\\/2023\\\/04\\\/logo.svg\",\"width\":100,\"height\":100,\"caption\":\"Ayuntamiento de Arnedillo - La Rioja\"},\"image\":{\"@id\":\"https:\\\/\\\/www.arnedillo.org\\\/fr\\\/#\\\/schema\\\/logo\\\/image\\\/\"}}]}<\/script>\n<!-- \/ Yoast SEO plugin. -->","yoast_head_json":{"title":"Centre d'interpr\u00e9tation et d'observation du vautour fauve \u00ab El Mirador del Buitre \u00bb - Ayuntamiento de Arnedillo - La Rioja","robots":{"index":"index","follow":"follow","max-snippet":"max-snippet:-1","max-image-preview":"max-image-preview:large","max-video-preview":"max-video-preview:-1"},"canonical":"https:\/\/www.arnedillo.org\/fr\/turismocentre-dinterpretation-et-dobservation-du-vautour-fauve-el-mirador-del-buitre\/","og_locale":"fr_FR","og_type":"article","og_title":"Centre d'interpr\u00e9tation et d'observation du vautour fauve \u00ab El Mirador del Buitre \u00bb - Ayuntamiento de Arnedillo - La Rioja","og_description":"Situ\u00e9 dans l'ancien quai de chargement de la carri\u00e8re, il est compos\u00e9 de deux zones\u00a0: \u00c0 l'int\u00e9rieur, il h\u00e9berge une exposition compl\u00e8te sur le cycle de la vie du vautour [&hellip;]","og_url":"https:\/\/www.arnedillo.org\/fr\/turismocentre-dinterpretation-et-dobservation-du-vautour-fauve-el-mirador-del-buitre\/","og_site_name":"Ayuntamiento de Arnedillo - La Rioja","article_modified_time":"2023-09-26T09:52:28+00:00","twitter_card":"summary_large_image","twitter_misc":{"Dur\u00e9e de lecture estim\u00e9e":"3 minutes"},"schema":{"@context":"https:\/\/schema.org","@graph":[{"@type":"WebPage","@id":"https:\/\/www.arnedillo.org\/fr\/turismocentre-dinterpretation-et-dobservation-du-vautour-fauve-el-mirador-del-buitre\/","url":"https:\/\/www.arnedillo.org\/fr\/turismocentre-dinterpretation-et-dobservation-du-vautour-fauve-el-mirador-del-buitre\/","name":"Centre d'interpr\u00e9tation et d'observation du vautour fauve \u00ab El Mirador del Buitre \u00bb - Ayuntamiento de Arnedillo - La Rioja","isPartOf":{"@id":"https:\/\/www.arnedillo.org\/fr\/#website"},"datePublished":"2023-07-10T21:06:55+00:00","dateModified":"2023-09-26T09:52:28+00:00","breadcrumb":{"@id":"https:\/\/www.arnedillo.org\/fr\/turismocentre-dinterpretation-et-dobservation-du-vautour-fauve-el-mirador-del-buitre\/#breadcrumb"},"inLanguage":"fr-FR","potentialAction":[{"@type":"ReadAction","target":["https:\/\/www.arnedillo.org\/fr\/turismocentre-dinterpretation-et-dobservation-du-vautour-fauve-el-mirador-del-buitre\/"]}]},{"@type":"BreadcrumbList","@id":"https:\/\/www.arnedillo.org\/fr\/turismocentre-dinterpretation-et-dobservation-du-vautour-fauve-el-mirador-del-buitre\/#breadcrumb","itemListElement":[{"@type":"ListItem","position":1,"name":"Portada","item":"https:\/\/www.arnedillo.org\/fr\/"},{"@type":"ListItem","position":2,"name":"Centre d&rsquo;interpr\u00e9tation et d&rsquo;observation du vautour fauve \u00ab El Mirador del Buitre \u00bb"}]},{"@type":"WebSite","@id":"https:\/\/www.arnedillo.org\/fr\/#website","url":"https:\/\/www.arnedillo.org\/fr\/","name":"Ayuntamiento de Arnedillo - La Rioja","description":"","publisher":{"@id":"https:\/\/www.arnedillo.org\/fr\/#organization"},"potentialAction":[{"@type":"SearchAction","target":{"@type":"EntryPoint","urlTemplate":"https:\/\/www.arnedillo.org\/fr\/?s={search_term_string}"},"query-input":{"@type":"PropertyValueSpecification","valueRequired":true,"valueName":"search_term_string"}}],"inLanguage":"fr-FR"},{"@type":"Organization","@id":"https:\/\/www.arnedillo.org\/fr\/#organization","name":"Ayuntamiento de Arnedillo - La Rioja","url":"https:\/\/www.arnedillo.org\/fr\/","logo":{"@type":"ImageObject","inLanguage":"fr-FR","@id":"https:\/\/www.arnedillo.org\/fr\/#\/schema\/logo\/image\/","url":"https:\/\/www.arnedillo.org\/wp-content\/uploads\/2023\/04\/logo.svg","contentUrl":"https:\/\/www.arnedillo.org\/wp-content\/uploads\/2023\/04\/logo.svg","width":100,"height":100,"caption":"Ayuntamiento de Arnedillo - La Rioja"},"image":{"@id":"https:\/\/www.arnedillo.org\/fr\/#\/schema\/logo\/image\/"}}]}},"_links":{"self":[{"href":"https:\/\/www.arnedillo.org\/fr\/wp-json\/wp\/v2\/pages\/1339","targetHints":{"allow":["GET"]}}],"collection":[{"href":"https:\/\/www.arnedillo.org\/fr\/wp-json\/wp\/v2\/pages"}],"about":[{"href":"https:\/\/www.arnedillo.org\/fr\/wp-json\/wp\/v2\/types\/page"}],"author":[{"embeddable":true,"href":"https:\/\/www.arnedillo.org\/fr\/wp-json\/wp\/v2\/users\/1"}],"replies":[{"embeddable":true,"href":"https:\/\/www.arnedillo.org\/fr\/wp-json\/wp\/v2\/comments?post=1339"}],"version-history":[{"count":2,"href":"https:\/\/www.arnedillo.org\/fr\/wp-json\/wp\/v2\/pages\/1339\/revisions"}],"predecessor-version":[{"id":1341,"href":"https:\/\/www.arnedillo.org\/fr\/wp-json\/wp\/v2\/pages\/1339\/revisions\/1341"}],"up":[{"embeddable":true,"href":"https:\/\/www.arnedillo.org\/fr\/wp-json\/wp\/v2\/pages\/1351"}],"wp:attachment":[{"href":"https:\/\/www.arnedillo.org\/fr\/wp-json\/wp\/v2\/media?parent=1339"}],"curies":[{"name":"wp","href":"https:\/\/api.w.org\/{rel}","templated":true}]}}